{"id":20388,"date":"2026-04-22T16:47:16","date_gmt":"2026-04-22T14:47:16","guid":{"rendered":"https:\/\/botrange25.cloud02.visible.be\/project\/die-auswirkungen-von-ueberschwemmungen-abschwaechen\/"},"modified":"2026-04-22T16:47:16","modified_gmt":"2026-04-22T14:47:16","slug":"die-auswirkungen-von-ueberschwemmungen-abschwaechen","status":"publish","type":"project","link":"https:\/\/botrange25.cloud02.visible.be\/de\/project\/die-auswirkungen-von-ueberschwemmungen-abschwaechen\/","title":{"rendered":"Die Auswirkungen von \u00dcberschwemmungen abschw\u00e4chen"},"content":{"rendered":"<h3 data-start=\"772\" data-end=\"1198\"><strong data-start=\"772\" data-end=\"824\">Wasser verstehen, um es besser zu bewirtschaften<\/strong><\/h3>\n<p data-start=\"772\" data-end=\"1198\">Seit 2023 wurde eine Zusammenarbeit zwischen der Wallonischen Region und den Flussvertr\u00e4gen zur Bek\u00e4mpfung von \u00dcberschwemmungen eingerichtet. Aus dieser Zusammenarbeit ist ein Projekt entstanden, das darauf abzielt, die Widerstandsf\u00e4higkeit des Gebiets gegen\u00fcber \u00dcberschwemmungen zu verbessern sowie die B\u00fcrger f\u00fcr die Herausforderungen von Hochwasser zu sensibilisieren.<\/p>\n<p data-start=\"1200\" data-end=\"1497\" data-is-last-node=\"\" data-is-only-node=\"\">Der Klimawandel f\u00fchrt zu immer h\u00e4ufigeren extremen Niederschl\u00e4gen, die \u00dcberschwemmungen verursachen. Die Auswirkungen auf unsere Regionen sind erheblich, und es ist entscheidend, unsere Lebensr\u00e4ume an diese neuen Risiken anzupassen. Ziel ist es, unsere D\u00f6rfer zu klimaresilienten R\u00e4umen zu machen.<\/p>\n","protected":false},"excerpt":{"rendered":"<p>Wasser verstehen, um es besser zu bewirtschaften Seit 2023 wurde eine Zusammenarbeit zwischen der Wallonischen Region und den Flussvertr\u00e4gen zur Bek\u00e4mpfung von \u00dcberschwemmungen eingerichtet. Aus dieser Zusammenarbeit ist ein Projekt entstanden, das darauf abzielt, die Widerstandsf\u00e4higkeit des Gebiets gegen\u00fcber \u00dcberschwemmungen zu verbessern sowie die B\u00fcrger f\u00fcr die Herausforderungen von Hochwasser zu sensibilisieren. Der Klimawandel f\u00fchrt [&hellip;]<\/p>\n","protected":false},"author":15,"featured_media":20366,"template":"","categories":[156],"project_type":[127],"class_list":["post-20388","project","type-project","status-publish","has-post-thumbnail","hentry","category-flussvertrag-mosel","project_type-wasser"],"acf":[],"yoast_head":"<!-- This site is optimized with the Yoast SEO plugin v27.4 - https:\/\/yoast.com\/product\/yoast-seo-wordpress\/ -->\n<title>Die Auswirkungen von \u00dcberschwemmungen abschw\u00e4chen Flussvertrag Mosel<\/title>\n<meta name=\"description\" content=\"In Zusammenarbeit mit der Wallonischen Region entwickelt der Flussvertrag Instrumente, um Gemeinden und B\u00fcrger bei \u00dcberschwemmungen zu unterst\u00fctzen.\" \/>\n<meta name=\"robots\" content=\"noindex, follow, max-snippet:-1, max-image-preview:large, max-video-preview:-1\" \/>\n<meta property=\"og:locale\" content=\"de_DE\" \/>\n<meta property=\"og:type\" content=\"article\" \/>\n<meta property=\"og:title\" content=\"Die Auswirkungen von \u00dcberschwemmungen abschw\u00e4chen Flussvertrag Mosel\" \/>\n<meta property=\"og:description\" content=\"In Zusammenarbeit mit der Wallonischen Region entwickelt der Flussvertrag Instrumente, um Gemeinden und B\u00fcrger bei \u00dcberschwemmungen zu unterst\u00fctzen.\" \/>\n<meta property=\"og:url\" content=\"https:\/\/botrange25.cloud02.visible.be\/de\/project\/die-auswirkungen-von-ueberschwemmungen-abschwaechen\/\" \/>\n<meta property=\"og:site_name\" content=\"Parc naturel Hautes Fagnes-Eifel\" \/>\n<meta property=\"og:image\" content=\"https:\/\/botrange25.cloud02.visible.be\/wp-content\/uploads\/2026\/04\/Jardin-resilient-1-scaled.jpeg\" \/>\n\t<meta property=\"og:image:width\" content=\"1920\" \/>\n\t<meta property=\"og:image:height\" content=\"2560\" \/>\n\t<meta property=\"og:image:type\" content=\"image\/jpeg\" \/>\n<meta name=\"twitter:card\" content=\"summary_large_image\" \/>\n<meta name=\"twitter:label1\" content=\"Gesch\u00e4tzte Lesezeit\" \/>\n\t<meta name=\"twitter:data1\" content=\"1\u00a0Minute\" \/>\n<script type=\"application\/ld+json\" class=\"yoast-schema-graph\">{\"@context\":\"https:\\\/\\\/schema.org\",\"@graph\":[{\"@type\":\"WebPage\",\"@id\":\"https:\\\/\\\/botrange25.cloud02.visible.be\\\/de\\\/project\\\/die-auswirkungen-von-ueberschwemmungen-abschwaechen\\\/\",\"url\":\"https:\\\/\\\/botrange25.cloud02.visible.be\\\/de\\\/project\\\/die-auswirkungen-von-ueberschwemmungen-abschwaechen\\\/\",\"name\":\"Die Auswirkungen von \u00dcberschwemmungen abschw\u00e4chen Flussvertrag Mosel\",\"isPartOf\":{\"@id\":\"https:\\\/\\\/botrange25.cloud02.visible.be\\\/de\\\/#website\"},\"primaryImageOfPage\":{\"@id\":\"https:\\\/\\\/botrange25.cloud02.visible.be\\\/de\\\/project\\\/die-auswirkungen-von-ueberschwemmungen-abschwaechen\\\/#primaryimage\"},\"image\":{\"@id\":\"https:\\\/\\\/botrange25.cloud02.visible.be\\\/de\\\/project\\\/die-auswirkungen-von-ueberschwemmungen-abschwaechen\\\/#primaryimage\"},\"thumbnailUrl\":\"https:\\\/\\\/botrange25.cloud02.visible.be\\\/wp-content\\\/uploads\\\/2026\\\/04\\\/Jardin-resilient-1-scaled.jpeg\",\"datePublished\":\"2026-04-22T14:47:16+00:00\",\"description\":\"In Zusammenarbeit mit der Wallonischen Region entwickelt der Flussvertrag Instrumente, um Gemeinden und B\u00fcrger bei \u00dcberschwemmungen zu unterst\u00fctzen.\",\"breadcrumb\":{\"@id\":\"https:\\\/\\\/botrange25.cloud02.visible.be\\\/de\\\/project\\\/die-auswirkungen-von-ueberschwemmungen-abschwaechen\\\/#breadcrumb\"},\"inLanguage\":\"de\",\"potentialAction\":[{\"@type\":\"ReadAction\",\"target\":[\"https:\\\/\\\/botrange25.cloud02.visible.be\\\/de\\\/project\\\/die-auswirkungen-von-ueberschwemmungen-abschwaechen\\\/\"]}]},{\"@type\":\"ImageObject\",\"inLanguage\":\"de\",\"@id\":\"https:\\\/\\\/botrange25.cloud02.visible.be\\\/de\\\/project\\\/die-auswirkungen-von-ueberschwemmungen-abschwaechen\\\/#primaryimage\",\"url\":\"https:\\\/\\\/botrange25.cloud02.visible.be\\\/wp-content\\\/uploads\\\/2026\\\/04\\\/Jardin-resilient-1-scaled.jpeg\",\"contentUrl\":\"https:\\\/\\\/botrange25.cloud02.visible.be\\\/wp-content\\\/uploads\\\/2026\\\/04\\\/Jardin-resilient-1-scaled.jpeg\",\"width\":1920,\"height\":2560,\"caption\":\"Maquette d'un jardin r\u00e9silient\"},{\"@type\":\"BreadcrumbList\",\"@id\":\"https:\\\/\\\/botrange25.cloud02.visible.be\\\/de\\\/project\\\/die-auswirkungen-von-ueberschwemmungen-abschwaechen\\\/#breadcrumb\",\"itemListElement\":[{\"@type\":\"ListItem\",\"position\":1,\"name\":\"Accueil\",\"item\":\"https:\\\/\\\/botrange25.cloud02.visible.be\\\/de\\\/\"},{\"@type\":\"ListItem\",\"position\":2,\"name\":\"Projects\",\"item\":\"https:\\\/\\\/botrange25.cloud02.visible.be\\\/de\\\/project\\\/\"},{\"@type\":\"ListItem\",\"position\":3,\"name\":\"Die Auswirkungen von \u00dcberschwemmungen abschw\u00e4chen\"}]},{\"@type\":\"WebSite\",\"@id\":\"https:\\\/\\\/botrange25.cloud02.visible.be\\\/de\\\/#website\",\"url\":\"https:\\\/\\\/botrange25.cloud02.visible.be\\\/de\\\/\",\"name\":\"Parc naturel Hautes Fagnes-Eifel\",\"description\":\"50 ANS 1971-2021\",\"publisher\":{\"@id\":\"https:\\\/\\\/botrange25.cloud02.visible.be\\\/de\\\/#organization\"},\"potentialAction\":[{\"@type\":\"SearchAction\",\"target\":{\"@type\":\"EntryPoint\",\"urlTemplate\":\"https:\\\/\\\/botrange25.cloud02.visible.be\\\/de\\\/?s={search_term_string}\"},\"query-input\":{\"@type\":\"PropertyValueSpecification\",\"valueRequired\":true,\"valueName\":\"search_term_string\"}}],\"inLanguage\":\"de\"},{\"@type\":\"Organization\",\"@id\":\"https:\\\/\\\/botrange25.cloud02.visible.be\\\/de\\\/#organization\",\"name\":\"Parc naturel Hautes Fagnes-Eifel\",\"url\":\"https:\\\/\\\/botrange25.cloud02.visible.be\\\/de\\\/\",\"logo\":{\"@type\":\"ImageObject\",\"inLanguage\":\"de\",\"@id\":\"https:\\\/\\\/botrange25.cloud02.visible.be\\\/de\\\/#\\\/schema\\\/logo\\\/image\\\/\",\"url\":\"https:\\\/\\\/botrange25.cloud02.visible.be\\\/wp-content\\\/uploads\\\/2021\\\/06\\\/logo.svg\",\"contentUrl\":\"https:\\\/\\\/botrange25.cloud02.visible.be\\\/wp-content\\\/uploads\\\/2021\\\/06\\\/logo.svg\",\"caption\":\"Parc naturel Hautes Fagnes-Eifel\"},\"image\":{\"@id\":\"https:\\\/\\\/botrange25.cloud02.visible.be\\\/de\\\/#\\\/schema\\\/logo\\\/image\\\/\"}}]}<\/script>\n<!-- \/ Yoast SEO plugin. -->","yoast_head_json":{"title":"Die Auswirkungen von \u00dcberschwemmungen abschw\u00e4chen Flussvertrag Mosel","description":"In Zusammenarbeit mit der Wallonischen Region entwickelt der Flussvertrag Instrumente, um Gemeinden und B\u00fcrger bei \u00dcberschwemmungen zu unterst\u00fctzen.","robots":{"index":"noindex","follow":"follow","max-snippet":"max-snippet:-1","max-image-preview":"max-image-preview:large","max-video-preview":"max-video-preview:-1"},"og_locale":"de_DE","og_type":"article","og_title":"Die Auswirkungen von \u00dcberschwemmungen abschw\u00e4chen Flussvertrag Mosel","og_description":"In Zusammenarbeit mit der Wallonischen Region entwickelt der Flussvertrag Instrumente, um Gemeinden und B\u00fcrger bei \u00dcberschwemmungen zu unterst\u00fctzen.","og_url":"https:\/\/botrange25.cloud02.visible.be\/de\/project\/die-auswirkungen-von-ueberschwemmungen-abschwaechen\/","og_site_name":"Parc naturel Hautes Fagnes-Eifel","og_image":[{"width":1920,"height":2560,"url":"https:\/\/botrange25.cloud02.visible.be\/wp-content\/uploads\/2026\/04\/Jardin-resilient-1-scaled.jpeg","type":"image\/jpeg"}],"twitter_card":"summary_large_image","twitter_misc":{"Gesch\u00e4tzte Lesezeit":"1\u00a0Minute"},"schema":{"@context":"https:\/\/schema.org","@graph":[{"@type":"WebPage","@id":"https:\/\/botrange25.cloud02.visible.be\/de\/project\/die-auswirkungen-von-ueberschwemmungen-abschwaechen\/","url":"https:\/\/botrange25.cloud02.visible.be\/de\/project\/die-auswirkungen-von-ueberschwemmungen-abschwaechen\/","name":"Die Auswirkungen von \u00dcberschwemmungen abschw\u00e4chen Flussvertrag Mosel","isPartOf":{"@id":"https:\/\/botrange25.cloud02.visible.be\/de\/#website"},"primaryImageOfPage":{"@id":"https:\/\/botrange25.cloud02.visible.be\/de\/project\/die-auswirkungen-von-ueberschwemmungen-abschwaechen\/#primaryimage"},"image":{"@id":"https:\/\/botrange25.cloud02.visible.be\/de\/project\/die-auswirkungen-von-ueberschwemmungen-abschwaechen\/#primaryimage"},"thumbnailUrl":"https:\/\/botrange25.cloud02.visible.be\/wp-content\/uploads\/2026\/04\/Jardin-resilient-1-scaled.jpeg","datePublished":"2026-04-22T14:47:16+00:00","description":"In Zusammenarbeit mit der Wallonischen Region entwickelt der Flussvertrag Instrumente, um Gemeinden und B\u00fcrger bei \u00dcberschwemmungen zu unterst\u00fctzen.","breadcrumb":{"@id":"https:\/\/botrange25.cloud02.visible.be\/de\/project\/die-auswirkungen-von-ueberschwemmungen-abschwaechen\/#breadcrumb"},"inLanguage":"de","potentialAction":[{"@type":"ReadAction","target":["https:\/\/botrange25.cloud02.visible.be\/de\/project\/die-auswirkungen-von-ueberschwemmungen-abschwaechen\/"]}]},{"@type":"ImageObject","inLanguage":"de","@id":"https:\/\/botrange25.cloud02.visible.be\/de\/project\/die-auswirkungen-von-ueberschwemmungen-abschwaechen\/#primaryimage","url":"https:\/\/botrange25.cloud02.visible.be\/wp-content\/uploads\/2026\/04\/Jardin-resilient-1-scaled.jpeg","contentUrl":"https:\/\/botrange25.cloud02.visible.be\/wp-content\/uploads\/2026\/04\/Jardin-resilient-1-scaled.jpeg","width":1920,"height":2560,"caption":"Maquette d'un jardin r\u00e9silient"},{"@type":"BreadcrumbList","@id":"https:\/\/botrange25.cloud02.visible.be\/de\/project\/die-auswirkungen-von-ueberschwemmungen-abschwaechen\/#breadcrumb","itemListElement":[{"@type":"ListItem","position":1,"name":"Accueil","item":"https:\/\/botrange25.cloud02.visible.be\/de\/"},{"@type":"ListItem","position":2,"name":"Projects","item":"https:\/\/botrange25.cloud02.visible.be\/de\/project\/"},{"@type":"ListItem","position":3,"name":"Die Auswirkungen von \u00dcberschwemmungen abschw\u00e4chen"}]},{"@type":"WebSite","@id":"https:\/\/botrange25.cloud02.visible.be\/de\/#website","url":"https:\/\/botrange25.cloud02.visible.be\/de\/","name":"Parc naturel Hautes Fagnes-Eifel","description":"50 ANS 1971-2021","publisher":{"@id":"https:\/\/botrange25.cloud02.visible.be\/de\/#organization"},"potentialAction":[{"@type":"SearchAction","target":{"@type":"EntryPoint","urlTemplate":"https:\/\/botrange25.cloud02.visible.be\/de\/?s={search_term_string}"},"query-input":{"@type":"PropertyValueSpecification","valueRequired":true,"valueName":"search_term_string"}}],"inLanguage":"de"},{"@type":"Organization","@id":"https:\/\/botrange25.cloud02.visible.be\/de\/#organization","name":"Parc naturel Hautes Fagnes-Eifel","url":"https:\/\/botrange25.cloud02.visible.be\/de\/","logo":{"@type":"ImageObject","inLanguage":"de","@id":"https:\/\/botrange25.cloud02.visible.be\/de\/#\/schema\/logo\/image\/","url":"https:\/\/botrange25.cloud02.visible.be\/wp-content\/uploads\/2021\/06\/logo.svg","contentUrl":"https:\/\/botrange25.cloud02.visible.be\/wp-content\/uploads\/2021\/06\/logo.svg","caption":"Parc naturel Hautes Fagnes-Eifel"},"image":{"@id":"https:\/\/botrange25.cloud02.visible.be\/de\/#\/schema\/logo\/image\/"}}]}},"_links":{"self":[{"href":"https:\/\/botrange25.cloud02.visible.be\/de\/wp-json\/wp\/v2\/project\/20388","targetHints":{"allow":["GET"]}}],"collection":[{"href":"https:\/\/botrange25.cloud02.visible.be\/de\/wp-json\/wp\/v2\/project"}],"about":[{"href":"https:\/\/botrange25.cloud02.visible.be\/de\/wp-json\/wp\/v2\/types\/project"}],"author":[{"embeddable":true,"href":"https:\/\/botrange25.cloud02.visible.be\/de\/wp-json\/wp\/v2\/users\/15"}],"version-history":[{"count":0,"href":"https:\/\/botrange25.cloud02.visible.be\/de\/wp-json\/wp\/v2\/project\/20388\/revisions"}],"wp:featuredmedia":[{"embeddable":true,"href":"https:\/\/botrange25.cloud02.visible.be\/de\/wp-json\/wp\/v2\/media\/20366"}],"wp:attachment":[{"href":"https:\/\/botrange25.cloud02.visible.be\/de\/wp-json\/wp\/v2\/media?parent=20388"}],"wp:term":[{"taxonomy":"category","embeddable":true,"href":"https:\/\/botrange25.cloud02.visible.be\/de\/wp-json\/wp\/v2\/categories?post=20388"},{"taxonomy":"project_type","embeddable":true,"href":"https:\/\/botrange25.cloud02.visible.be\/de\/wp-json\/wp\/v2\/project_type?post=20388"}],"curies":[{"name":"wp","href":"https:\/\/api.w.org\/{rel}","templated":true}]}}