{"id":20795,"date":"2026-04-28T12:40:50","date_gmt":"2026-04-28T10:40:50","guid":{"rendered":"https:\/\/botrange25.cloud02.visible.be\/activity\/wolf-ausstellung\/"},"modified":"2026-04-28T12:41:00","modified_gmt":"2026-04-28T10:41:00","slug":"wolf-ausstellung","status":"publish","type":"activity","link":"https:\/\/botrange25.cloud02.visible.be\/de\/activity\/wolf-ausstellung\/","title":{"rendered":"WOLF-Ausstellung"},"content":{"rendered":"<h3 data-start=\"33\" data-end=\"441\">Die WOLF-Ausstellung ist zur\u00fcck im Maison du Parc \u2013 weiterhin in Zusammenarbeit mit dem WWF!<\/h3>\n<p data-start=\"33\" data-end=\"441\"><br data-start=\"125\" data-end=\"128\">Gro\u00df und Klein entdecken hier alles \u00fcber den Wolf, ein ebenso faszinierendes wie oft missverstandenes Tier. Von seiner Anatomie \u00fcber die Bedrohungen, denen er ausgesetzt ist, bis hin zu seiner wichtigen \u00f6kologischen Rolle und seiner R\u00fcckkehr nach Belgien \u2013 schon bald wird er keine Geheimnisse mehr f\u00fcr Sie haben!<\/p>\n<p data-start=\"443\" data-end=\"687\">Abseits g\u00e4ngiger Vorstellungen tauchen Sie in die Welt des Wolfs ein, lernen Fakten von Mythen zu unterscheiden und werden selbst zu echten Experten. Und das alles im Herzen einer der sch\u00f6nsten Regionen Belgiens, die es (neu) zu entdecken gilt!<\/p>\n<p data-start=\"689\" data-end=\"918\"><strong data-start=\"689\" data-end=\"713\">SPEZIELL F\u00dcR KINDER!<\/strong><br data-start=\"713\" data-end=\"716\">Ein Teil der Ausstellung ist speziell f\u00fcr Kinder ab sechs Jahren gestaltet. Sie erhalten kostenlos ein kleines didaktisches Heft mit Spielen und Informationen \u00fcber diesen charismatischen Fleischfresser.<\/p>\n<p data-start=\"920\" data-end=\"1095\">Die Ausstellung ist mit einem Kombiticket zug\u00e4nglich, das auch die Dauerausstellung <a data-mce-href=\"\/?p=3437\" href=\"https:\/\/botrange25.cloud02.visible.be\/de\/activity\/dauerausstellung-fania\/\" target=\"_blank\">FANIA<\/a> umfasst \u2013 f\u00fcr eine umfassende und bereichernde Entdeckung der Natur und der Tierwelt.<\/p>\n","protected":false},"excerpt":{"rendered":"<p>Die WOLF-Ausstellung ist zur\u00fcck im Maison du Parc \u2013 weiterhin in Zusammenarbeit mit dem WWF! Gro\u00df und Klein entdecken hier alles \u00fcber den Wolf, ein ebenso faszinierendes wie oft missverstandenes Tier. Von seiner Anatomie \u00fcber die Bedrohungen, denen er ausgesetzt ist, bis hin zu seiner wichtigen \u00f6kologischen Rolle und seiner R\u00fcckkehr nach Belgien \u2013 schon [&hellip;]<\/p>\n","protected":false},"author":15,"featured_media":20775,"template":"","categories":[135],"tags":[],"class_list":["post-20795","activity","type-activity","status-publish","has-post-thumbnail","hentry","category-ausstellungen"],"acf":[],"yoast_head":"<!-- This site is optimized with the Yoast SEO plugin v27.4 - https:\/\/yoast.com\/product\/yoast-seo-wordpress\/ -->\n<title>WOLF-Ausstellung<\/title>\n<meta name=\"description\" content=\"Eine immersive Ausstellung des WWF \u00fcber den Wolf und die Herausforderungen seiner R\u00fcckkehr nach Belgien. Entdecken Sie das Leben des Wolfs und all seine Geheimnisse.\" \/>\n<meta name=\"robots\" content=\"noindex, follow, max-snippet:-1, max-image-preview:large, max-video-preview:-1\" \/>\n<meta property=\"og:locale\" content=\"de_DE\" \/>\n<meta property=\"og:type\" content=\"article\" \/>\n<meta property=\"og:title\" content=\"WOLF-Ausstellung\" \/>\n<meta property=\"og:description\" content=\"Eine immersive Ausstellung des WWF \u00fcber den Wolf und die Herausforderungen seiner R\u00fcckkehr nach Belgien. Entdecken Sie das Leben des Wolfs und all seine Geheimnisse.\" \/>\n<meta property=\"og:url\" content=\"https:\/\/botrange25.cloud02.visible.be\/de\/activity\/wolf-ausstellung\/\" \/>\n<meta property=\"og:site_name\" content=\"Parc naturel Hautes Fagnes-Eifel\" \/>\n<meta property=\"article:modified_time\" content=\"2026-04-28T10:41:00+00:00\" \/>\n<meta property=\"og:image\" content=\"https:\/\/botrange25.cloud02.visible.be\/wp-content\/uploads\/2026\/04\/MDP_Expo-Fagnia-Loup_2026_image-web.jpg\" \/>\n\t<meta property=\"og:image:width\" content=\"1060\" \/>\n\t<meta property=\"og:image:height\" content=\"1500\" \/>\n\t<meta property=\"og:image:type\" content=\"image\/jpeg\" \/>\n<meta name=\"twitter:card\" content=\"summary_large_image\" \/>\n<meta name=\"twitter:label1\" content=\"Gesch\u00e4tzte Lesezeit\" \/>\n\t<meta name=\"twitter:data1\" content=\"1\u00a0Minute\" \/>\n<script type=\"application\/ld+json\" class=\"yoast-schema-graph\">{\"@context\":\"https:\\\/\\\/schema.org\",\"@graph\":[{\"@type\":\"WebPage\",\"@id\":\"https:\\\/\\\/botrange25.cloud02.visible.be\\\/de\\\/activity\\\/wolf-ausstellung\\\/\",\"url\":\"https:\\\/\\\/botrange25.cloud02.visible.be\\\/de\\\/activity\\\/wolf-ausstellung\\\/\",\"name\":\"WOLF-Ausstellung\",\"isPartOf\":{\"@id\":\"https:\\\/\\\/botrange25.cloud02.visible.be\\\/de\\\/#website\"},\"primaryImageOfPage\":{\"@id\":\"https:\\\/\\\/botrange25.cloud02.visible.be\\\/de\\\/activity\\\/wolf-ausstellung\\\/#primaryimage\"},\"image\":{\"@id\":\"https:\\\/\\\/botrange25.cloud02.visible.be\\\/de\\\/activity\\\/wolf-ausstellung\\\/#primaryimage\"},\"thumbnailUrl\":\"https:\\\/\\\/botrange25.cloud02.visible.be\\\/wp-content\\\/uploads\\\/2026\\\/04\\\/MDP_Expo-Fagnia-Loup_2026_image-web.jpg\",\"datePublished\":\"2026-04-28T10:40:50+00:00\",\"dateModified\":\"2026-04-28T10:41:00+00:00\",\"description\":\"Eine immersive Ausstellung des WWF \u00fcber den Wolf und die Herausforderungen seiner R\u00fcckkehr nach Belgien. Entdecken Sie das Leben des Wolfs und all seine Geheimnisse.\",\"breadcrumb\":{\"@id\":\"https:\\\/\\\/botrange25.cloud02.visible.be\\\/de\\\/activity\\\/wolf-ausstellung\\\/#breadcrumb\"},\"inLanguage\":\"de\",\"potentialAction\":[{\"@type\":\"ReadAction\",\"target\":[\"https:\\\/\\\/botrange25.cloud02.visible.be\\\/de\\\/activity\\\/wolf-ausstellung\\\/\"]}]},{\"@type\":\"ImageObject\",\"inLanguage\":\"de\",\"@id\":\"https:\\\/\\\/botrange25.cloud02.visible.be\\\/de\\\/activity\\\/wolf-ausstellung\\\/#primaryimage\",\"url\":\"https:\\\/\\\/botrange25.cloud02.visible.be\\\/wp-content\\\/uploads\\\/2026\\\/04\\\/MDP_Expo-Fagnia-Loup_2026_image-web.jpg\",\"contentUrl\":\"https:\\\/\\\/botrange25.cloud02.visible.be\\\/wp-content\\\/uploads\\\/2026\\\/04\\\/MDP_Expo-Fagnia-Loup_2026_image-web.jpg\",\"width\":1060,\"height\":1500,\"caption\":\"Affiche EXPO Loup\"},{\"@type\":\"BreadcrumbList\",\"@id\":\"https:\\\/\\\/botrange25.cloud02.visible.be\\\/de\\\/activity\\\/wolf-ausstellung\\\/#breadcrumb\",\"itemListElement\":[{\"@type\":\"ListItem\",\"position\":1,\"name\":\"Accueil\",\"item\":\"https:\\\/\\\/botrange25.cloud02.visible.be\\\/de\\\/\"},{\"@type\":\"ListItem\",\"position\":2,\"name\":\"Aktivit\u00e4ten\",\"item\":\"https:\\\/\\\/botrange25.cloud02.visible.be\\\/de\\\/nos-activites\\\/\"},{\"@type\":\"ListItem\",\"position\":3,\"name\":\"WOLF-Ausstellung\"}]},{\"@type\":\"WebSite\",\"@id\":\"https:\\\/\\\/botrange25.cloud02.visible.be\\\/de\\\/#website\",\"url\":\"https:\\\/\\\/botrange25.cloud02.visible.be\\\/de\\\/\",\"name\":\"Parc naturel Hautes Fagnes-Eifel\",\"description\":\"50 ANS 1971-2021\",\"publisher\":{\"@id\":\"https:\\\/\\\/botrange25.cloud02.visible.be\\\/de\\\/#organization\"},\"potentialAction\":[{\"@type\":\"SearchAction\",\"target\":{\"@type\":\"EntryPoint\",\"urlTemplate\":\"https:\\\/\\\/botrange25.cloud02.visible.be\\\/de\\\/?s={search_term_string}\"},\"query-input\":{\"@type\":\"PropertyValueSpecification\",\"valueRequired\":true,\"valueName\":\"search_term_string\"}}],\"inLanguage\":\"de\"},{\"@type\":\"Organization\",\"@id\":\"https:\\\/\\\/botrange25.cloud02.visible.be\\\/de\\\/#organization\",\"name\":\"Parc naturel Hautes Fagnes-Eifel\",\"url\":\"https:\\\/\\\/botrange25.cloud02.visible.be\\\/de\\\/\",\"logo\":{\"@type\":\"ImageObject\",\"inLanguage\":\"de\",\"@id\":\"https:\\\/\\\/botrange25.cloud02.visible.be\\\/de\\\/#\\\/schema\\\/logo\\\/image\\\/\",\"url\":\"https:\\\/\\\/botrange25.cloud02.visible.be\\\/wp-content\\\/uploads\\\/2021\\\/06\\\/logo.svg\",\"contentUrl\":\"https:\\\/\\\/botrange25.cloud02.visible.be\\\/wp-content\\\/uploads\\\/2021\\\/06\\\/logo.svg\",\"caption\":\"Parc naturel Hautes Fagnes-Eifel\"},\"image\":{\"@id\":\"https:\\\/\\\/botrange25.cloud02.visible.be\\\/de\\\/#\\\/schema\\\/logo\\\/image\\\/\"}}]}<\/script>\n<!-- \/ Yoast SEO plugin. -->","yoast_head_json":{"title":"WOLF-Ausstellung","description":"Eine immersive Ausstellung des WWF \u00fcber den Wolf und die Herausforderungen seiner R\u00fcckkehr nach Belgien. Entdecken Sie das Leben des Wolfs und all seine Geheimnisse.","robots":{"index":"noindex","follow":"follow","max-snippet":"max-snippet:-1","max-image-preview":"max-image-preview:large","max-video-preview":"max-video-preview:-1"},"og_locale":"de_DE","og_type":"article","og_title":"WOLF-Ausstellung","og_description":"Eine immersive Ausstellung des WWF \u00fcber den Wolf und die Herausforderungen seiner R\u00fcckkehr nach Belgien. Entdecken Sie das Leben des Wolfs und all seine Geheimnisse.","og_url":"https:\/\/botrange25.cloud02.visible.be\/de\/activity\/wolf-ausstellung\/","og_site_name":"Parc naturel Hautes Fagnes-Eifel","article_modified_time":"2026-04-28T10:41:00+00:00","og_image":[{"width":1060,"height":1500,"url":"https:\/\/botrange25.cloud02.visible.be\/wp-content\/uploads\/2026\/04\/MDP_Expo-Fagnia-Loup_2026_image-web.jpg","type":"image\/jpeg"}],"twitter_card":"summary_large_image","twitter_misc":{"Gesch\u00e4tzte Lesezeit":"1\u00a0Minute"},"schema":{"@context":"https:\/\/schema.org","@graph":[{"@type":"WebPage","@id":"https:\/\/botrange25.cloud02.visible.be\/de\/activity\/wolf-ausstellung\/","url":"https:\/\/botrange25.cloud02.visible.be\/de\/activity\/wolf-ausstellung\/","name":"WOLF-Ausstellung","isPartOf":{"@id":"https:\/\/botrange25.cloud02.visible.be\/de\/#website"},"primaryImageOfPage":{"@id":"https:\/\/botrange25.cloud02.visible.be\/de\/activity\/wolf-ausstellung\/#primaryimage"},"image":{"@id":"https:\/\/botrange25.cloud02.visible.be\/de\/activity\/wolf-ausstellung\/#primaryimage"},"thumbnailUrl":"https:\/\/botrange25.cloud02.visible.be\/wp-content\/uploads\/2026\/04\/MDP_Expo-Fagnia-Loup_2026_image-web.jpg","datePublished":"2026-04-28T10:40:50+00:00","dateModified":"2026-04-28T10:41:00+00:00","description":"Eine immersive Ausstellung des WWF \u00fcber den Wolf und die Herausforderungen seiner R\u00fcckkehr nach Belgien. Entdecken Sie das Leben des Wolfs und all seine Geheimnisse.","breadcrumb":{"@id":"https:\/\/botrange25.cloud02.visible.be\/de\/activity\/wolf-ausstellung\/#breadcrumb"},"inLanguage":"de","potentialAction":[{"@type":"ReadAction","target":["https:\/\/botrange25.cloud02.visible.be\/de\/activity\/wolf-ausstellung\/"]}]},{"@type":"ImageObject","inLanguage":"de","@id":"https:\/\/botrange25.cloud02.visible.be\/de\/activity\/wolf-ausstellung\/#primaryimage","url":"https:\/\/botrange25.cloud02.visible.be\/wp-content\/uploads\/2026\/04\/MDP_Expo-Fagnia-Loup_2026_image-web.jpg","contentUrl":"https:\/\/botrange25.cloud02.visible.be\/wp-content\/uploads\/2026\/04\/MDP_Expo-Fagnia-Loup_2026_image-web.jpg","width":1060,"height":1500,"caption":"Affiche EXPO Loup"},{"@type":"BreadcrumbList","@id":"https:\/\/botrange25.cloud02.visible.be\/de\/activity\/wolf-ausstellung\/#breadcrumb","itemListElement":[{"@type":"ListItem","position":1,"name":"Accueil","item":"https:\/\/botrange25.cloud02.visible.be\/de\/"},{"@type":"ListItem","position":2,"name":"Aktivit\u00e4ten","item":"https:\/\/botrange25.cloud02.visible.be\/de\/nos-activites\/"},{"@type":"ListItem","position":3,"name":"WOLF-Ausstellung"}]},{"@type":"WebSite","@id":"https:\/\/botrange25.cloud02.visible.be\/de\/#website","url":"https:\/\/botrange25.cloud02.visible.be\/de\/","name":"Parc naturel Hautes Fagnes-Eifel","description":"50 ANS 1971-2021","publisher":{"@id":"https:\/\/botrange25.cloud02.visible.be\/de\/#organization"},"potentialAction":[{"@type":"SearchAction","target":{"@type":"EntryPoint","urlTemplate":"https:\/\/botrange25.cloud02.visible.be\/de\/?s={search_term_string}"},"query-input":{"@type":"PropertyValueSpecification","valueRequired":true,"valueName":"search_term_string"}}],"inLanguage":"de"},{"@type":"Organization","@id":"https:\/\/botrange25.cloud02.visible.be\/de\/#organization","name":"Parc naturel Hautes Fagnes-Eifel","url":"https:\/\/botrange25.cloud02.visible.be\/de\/","logo":{"@type":"ImageObject","inLanguage":"de","@id":"https:\/\/botrange25.cloud02.visible.be\/de\/#\/schema\/logo\/image\/","url":"https:\/\/botrange25.cloud02.visible.be\/wp-content\/uploads\/2021\/06\/logo.svg","contentUrl":"https:\/\/botrange25.cloud02.visible.be\/wp-content\/uploads\/2021\/06\/logo.svg","caption":"Parc naturel Hautes Fagnes-Eifel"},"image":{"@id":"https:\/\/botrange25.cloud02.visible.be\/de\/#\/schema\/logo\/image\/"}}]}},"_links":{"self":[{"href":"https:\/\/botrange25.cloud02.visible.be\/de\/wp-json\/wp\/v2\/activity\/20795","targetHints":{"allow":["GET"]}}],"collection":[{"href":"https:\/\/botrange25.cloud02.visible.be\/de\/wp-json\/wp\/v2\/activity"}],"about":[{"href":"https:\/\/botrange25.cloud02.visible.be\/de\/wp-json\/wp\/v2\/types\/activity"}],"author":[{"embeddable":true,"href":"https:\/\/botrange25.cloud02.visible.be\/de\/wp-json\/wp\/v2\/users\/15"}],"version-history":[{"count":1,"href":"https:\/\/botrange25.cloud02.visible.be\/de\/wp-json\/wp\/v2\/activity\/20795\/revisions"}],"predecessor-version":[{"id":20796,"href":"https:\/\/botrange25.cloud02.visible.be\/de\/wp-json\/wp\/v2\/activity\/20795\/revisions\/20796"}],"wp:featuredmedia":[{"embeddable":true,"href":"https:\/\/botrange25.cloud02.visible.be\/de\/wp-json\/wp\/v2\/media\/20775"}],"wp:attachment":[{"href":"https:\/\/botrange25.cloud02.visible.be\/de\/wp-json\/wp\/v2\/media?parent=20795"}],"wp:term":[{"taxonomy":"category","embeddable":true,"href":"https:\/\/botrange25.cloud02.visible.be\/de\/wp-json\/wp\/v2\/categories?post=20795"},{"taxonomy":"post_tag","embeddable":true,"href":"https:\/\/botrange25.cloud02.visible.be\/de\/wp-json\/wp\/v2\/tags?post=20795"}],"curies":[{"name":"wp","href":"https:\/\/api.w.org\/{rel}","templated":true}]}}