{"id":20763,"date":"2026-04-28T11:09:27","date_gmt":"2026-04-28T09:09:27","guid":{"rendered":"https:\/\/botrange25.cloud02.visible.be\/activity\/fania-spaziergang\/"},"modified":"2026-04-28T11:13:01","modified_gmt":"2026-04-28T09:13:01","slug":"fania-spaziergang","status":"publish","type":"activity","link":"https:\/\/botrange25.cloud02.visible.be\/de\/activity\/fania-spaziergang\/","title":{"rendered":"FANIA &#038; Spaziergang"},"content":{"rendered":"<h3 data-start=\"30\" data-end=\"83\"><strong data-start=\"30\" data-end=\"83\">Und wenn die Natur Ihr bestes Klassenzimmer w\u00e4re?<\/strong><\/h3>\n<p data-start=\"85\" data-end=\"561\">Der Tag beginnt mit einer F\u00fchrung durch die Ausstellung FANIA. Entlang eines riesigen Holzsteges begeben sich die Sch\u00fcler auf ein Abenteuer im Hohen Venn und entdecken eine einzigartige Natur. Klima, Relief, Geologie, nat\u00fcrliche und naturnahe Landschaften: Die Ausstellung enth\u00fcllt die Geheimnisse dieses faszinierenden \u00d6kosystems und seines Kulturerbes. Auch die Geschichte der menschlichen Aktivit\u00e4ten im Hohen Venn sowie die reiche Biodiversit\u00e4t der Region werden erkundet.<\/p>\n<p data-start=\"563\" data-end=\"818\">Der Besuch endet mit einem Sinnestunnel: Sie h\u00f6ren Vogelges\u00e4nge bei Sonnenaufgang, den Ruf der Eulen bei Nacht, schl\u00fcpfen in einen Fuchsbau oder ein Eichh\u00f6rnchennest und laufen barfu\u00df \u00fcber Zapfen, Bl\u00e4tter und Rinde. Ein Erlebnis, das alle Sinne anspricht.<\/p>\n<p data-start=\"820\" data-end=\"1069\">Im zweiten Teil setzen die Sch\u00fcler ihre Entdeckung bei einer gef\u00fchrten Wanderung im Hohen Venn fort. Dabei beobachten sie direkt die Landschaften, die Naturlebensr\u00e4ume und die in der Ausstellung behandelten Elemente und vertiefen so ihr Verst\u00e4ndnis.<\/p>\n<p data-start=\"1071\" data-end=\"1141\"><strong>Sind Sie bereit, die Geheimnisse des Fagnischen Plateaus zu entdecken?<\/strong><\/p>\n","protected":false},"excerpt":{"rendered":"<p>Und wenn die Natur Ihr bestes Klassenzimmer w\u00e4re? Der Tag beginnt mit einer F\u00fchrung durch die Ausstellung FANIA. Entlang eines riesigen Holzsteges begeben sich die Sch\u00fcler auf ein Abenteuer im Hohen Venn und entdecken eine einzigartige Natur. Klima, Relief, Geologie, nat\u00fcrliche und naturnahe Landschaften: Die Ausstellung enth\u00fcllt die Geheimnisse dieses faszinierenden \u00d6kosystems und seines Kulturerbes. [&hellip;]<\/p>\n","protected":false},"author":15,"featured_media":20756,"template":"","categories":[111,113],"tags":[],"class_list":["post-20763","activity","type-activity","status-publish","has-post-thumbnail","hentry","category-grunschulen","category-sekundarschulen"],"acf":[],"yoast_head":"<!-- This site is optimized with the Yoast SEO plugin v27.4 - https:\/\/yoast.com\/product\/yoast-seo-wordpress\/ -->\n<title>FANIA &amp; Spaziergang<\/title>\n<meta name=\"description\" content=\"Bieten Sie Ihren Sch\u00fclern einen ganzen Tag der Entdeckung des Hohen Venns. Zwischen Museumsbesuch und Naturwanderung entdecken sie die Geheimnisse dieser einzigartigen Umgebung.\" \/>\n<meta name=\"robots\" content=\"noindex, follow, max-snippet:-1, max-image-preview:large, max-video-preview:-1\" \/>\n<meta property=\"og:locale\" content=\"de_DE\" \/>\n<meta property=\"og:type\" content=\"article\" \/>\n<meta property=\"og:title\" content=\"FANIA &amp; Spaziergang\" \/>\n<meta property=\"og:description\" content=\"Bieten Sie Ihren Sch\u00fclern einen ganzen Tag der Entdeckung des Hohen Venns. Zwischen Museumsbesuch und Naturwanderung entdecken sie die Geheimnisse dieser einzigartigen Umgebung.\" \/>\n<meta property=\"og:url\" content=\"https:\/\/botrange25.cloud02.visible.be\/de\/activity\/fania-spaziergang\/\" \/>\n<meta property=\"og:site_name\" content=\"Parc naturel Hautes Fagnes-Eifel\" \/>\n<meta property=\"article:modified_time\" content=\"2026-04-28T09:13:01+00:00\" \/>\n<meta property=\"og:image\" content=\"https:\/\/botrange25.cloud02.visible.be\/wp-content\/uploads\/2026\/04\/DSC_0166-scaled.jpg\" \/>\n\t<meta property=\"og:image:width\" content=\"1707\" \/>\n\t<meta property=\"og:image:height\" content=\"2560\" \/>\n\t<meta property=\"og:image:type\" content=\"image\/jpeg\" \/>\n<meta name=\"twitter:card\" content=\"summary_large_image\" \/>\n<meta name=\"twitter:label1\" content=\"Gesch\u00e4tzte Lesezeit\" \/>\n\t<meta name=\"twitter:data1\" content=\"1\u00a0Minute\" \/>\n<script type=\"application\/ld+json\" class=\"yoast-schema-graph\">{\"@context\":\"https:\\\/\\\/schema.org\",\"@graph\":[{\"@type\":\"WebPage\",\"@id\":\"https:\\\/\\\/botrange25.cloud02.visible.be\\\/de\\\/activity\\\/fania-spaziergang\\\/\",\"url\":\"https:\\\/\\\/botrange25.cloud02.visible.be\\\/de\\\/activity\\\/fania-spaziergang\\\/\",\"name\":\"FANIA & Spaziergang\",\"isPartOf\":{\"@id\":\"https:\\\/\\\/botrange25.cloud02.visible.be\\\/de\\\/#website\"},\"primaryImageOfPage\":{\"@id\":\"https:\\\/\\\/botrange25.cloud02.visible.be\\\/de\\\/activity\\\/fania-spaziergang\\\/#primaryimage\"},\"image\":{\"@id\":\"https:\\\/\\\/botrange25.cloud02.visible.be\\\/de\\\/activity\\\/fania-spaziergang\\\/#primaryimage\"},\"thumbnailUrl\":\"https:\\\/\\\/botrange25.cloud02.visible.be\\\/wp-content\\\/uploads\\\/2026\\\/04\\\/DSC_0166-scaled.jpg\",\"datePublished\":\"2026-04-28T09:09:27+00:00\",\"dateModified\":\"2026-04-28T09:13:01+00:00\",\"description\":\"Bieten Sie Ihren Sch\u00fclern einen ganzen Tag der Entdeckung des Hohen Venns. Zwischen Museumsbesuch und Naturwanderung entdecken sie die Geheimnisse dieser einzigartigen Umgebung.\",\"breadcrumb\":{\"@id\":\"https:\\\/\\\/botrange25.cloud02.visible.be\\\/de\\\/activity\\\/fania-spaziergang\\\/#breadcrumb\"},\"inLanguage\":\"de\",\"potentialAction\":[{\"@type\":\"ReadAction\",\"target\":[\"https:\\\/\\\/botrange25.cloud02.visible.be\\\/de\\\/activity\\\/fania-spaziergang\\\/\"]}]},{\"@type\":\"ImageObject\",\"inLanguage\":\"de\",\"@id\":\"https:\\\/\\\/botrange25.cloud02.visible.be\\\/de\\\/activity\\\/fania-spaziergang\\\/#primaryimage\",\"url\":\"https:\\\/\\\/botrange25.cloud02.visible.be\\\/wp-content\\\/uploads\\\/2026\\\/04\\\/DSC_0166-scaled.jpg\",\"contentUrl\":\"https:\\\/\\\/botrange25.cloud02.visible.be\\\/wp-content\\\/uploads\\\/2026\\\/04\\\/DSC_0166-scaled.jpg\",\"width\":1707,\"height\":2560,\"caption\":\"Guide nature avec des \u00e9l\u00e8ves de primaire dans les Hautes Fagnes\"},{\"@type\":\"BreadcrumbList\",\"@id\":\"https:\\\/\\\/botrange25.cloud02.visible.be\\\/de\\\/activity\\\/fania-spaziergang\\\/#breadcrumb\",\"itemListElement\":[{\"@type\":\"ListItem\",\"position\":1,\"name\":\"Accueil\",\"item\":\"https:\\\/\\\/botrange25.cloud02.visible.be\\\/de\\\/\"},{\"@type\":\"ListItem\",\"position\":2,\"name\":\"Aktivit\u00e4ten\",\"item\":\"https:\\\/\\\/botrange25.cloud02.visible.be\\\/de\\\/nos-activites\\\/\"},{\"@type\":\"ListItem\",\"position\":3,\"name\":\"FANIA &#038; Spaziergang\"}]},{\"@type\":\"WebSite\",\"@id\":\"https:\\\/\\\/botrange25.cloud02.visible.be\\\/de\\\/#website\",\"url\":\"https:\\\/\\\/botrange25.cloud02.visible.be\\\/de\\\/\",\"name\":\"Parc naturel Hautes Fagnes-Eifel\",\"description\":\"50 ANS 1971-2021\",\"publisher\":{\"@id\":\"https:\\\/\\\/botrange25.cloud02.visible.be\\\/de\\\/#organization\"},\"potentialAction\":[{\"@type\":\"SearchAction\",\"target\":{\"@type\":\"EntryPoint\",\"urlTemplate\":\"https:\\\/\\\/botrange25.cloud02.visible.be\\\/de\\\/?s={search_term_string}\"},\"query-input\":{\"@type\":\"PropertyValueSpecification\",\"valueRequired\":true,\"valueName\":\"search_term_string\"}}],\"inLanguage\":\"de\"},{\"@type\":\"Organization\",\"@id\":\"https:\\\/\\\/botrange25.cloud02.visible.be\\\/de\\\/#organization\",\"name\":\"Parc naturel Hautes Fagnes-Eifel\",\"url\":\"https:\\\/\\\/botrange25.cloud02.visible.be\\\/de\\\/\",\"logo\":{\"@type\":\"ImageObject\",\"inLanguage\":\"de\",\"@id\":\"https:\\\/\\\/botrange25.cloud02.visible.be\\\/de\\\/#\\\/schema\\\/logo\\\/image\\\/\",\"url\":\"https:\\\/\\\/botrange25.cloud02.visible.be\\\/wp-content\\\/uploads\\\/2021\\\/06\\\/logo.svg\",\"contentUrl\":\"https:\\\/\\\/botrange25.cloud02.visible.be\\\/wp-content\\\/uploads\\\/2021\\\/06\\\/logo.svg\",\"caption\":\"Parc naturel Hautes Fagnes-Eifel\"},\"image\":{\"@id\":\"https:\\\/\\\/botrange25.cloud02.visible.be\\\/de\\\/#\\\/schema\\\/logo\\\/image\\\/\"}}]}<\/script>\n<!-- \/ Yoast SEO plugin. -->","yoast_head_json":{"title":"FANIA & Spaziergang","description":"Bieten Sie Ihren Sch\u00fclern einen ganzen Tag der Entdeckung des Hohen Venns. Zwischen Museumsbesuch und Naturwanderung entdecken sie die Geheimnisse dieser einzigartigen Umgebung.","robots":{"index":"noindex","follow":"follow","max-snippet":"max-snippet:-1","max-image-preview":"max-image-preview:large","max-video-preview":"max-video-preview:-1"},"og_locale":"de_DE","og_type":"article","og_title":"FANIA & Spaziergang","og_description":"Bieten Sie Ihren Sch\u00fclern einen ganzen Tag der Entdeckung des Hohen Venns. Zwischen Museumsbesuch und Naturwanderung entdecken sie die Geheimnisse dieser einzigartigen Umgebung.","og_url":"https:\/\/botrange25.cloud02.visible.be\/de\/activity\/fania-spaziergang\/","og_site_name":"Parc naturel Hautes Fagnes-Eifel","article_modified_time":"2026-04-28T09:13:01+00:00","og_image":[{"width":1707,"height":2560,"url":"https:\/\/botrange25.cloud02.visible.be\/wp-content\/uploads\/2026\/04\/DSC_0166-scaled.jpg","type":"image\/jpeg"}],"twitter_card":"summary_large_image","twitter_misc":{"Gesch\u00e4tzte Lesezeit":"1\u00a0Minute"},"schema":{"@context":"https:\/\/schema.org","@graph":[{"@type":"WebPage","@id":"https:\/\/botrange25.cloud02.visible.be\/de\/activity\/fania-spaziergang\/","url":"https:\/\/botrange25.cloud02.visible.be\/de\/activity\/fania-spaziergang\/","name":"FANIA & Spaziergang","isPartOf":{"@id":"https:\/\/botrange25.cloud02.visible.be\/de\/#website"},"primaryImageOfPage":{"@id":"https:\/\/botrange25.cloud02.visible.be\/de\/activity\/fania-spaziergang\/#primaryimage"},"image":{"@id":"https:\/\/botrange25.cloud02.visible.be\/de\/activity\/fania-spaziergang\/#primaryimage"},"thumbnailUrl":"https:\/\/botrange25.cloud02.visible.be\/wp-content\/uploads\/2026\/04\/DSC_0166-scaled.jpg","datePublished":"2026-04-28T09:09:27+00:00","dateModified":"2026-04-28T09:13:01+00:00","description":"Bieten Sie Ihren Sch\u00fclern einen ganzen Tag der Entdeckung des Hohen Venns. Zwischen Museumsbesuch und Naturwanderung entdecken sie die Geheimnisse dieser einzigartigen Umgebung.","breadcrumb":{"@id":"https:\/\/botrange25.cloud02.visible.be\/de\/activity\/fania-spaziergang\/#breadcrumb"},"inLanguage":"de","potentialAction":[{"@type":"ReadAction","target":["https:\/\/botrange25.cloud02.visible.be\/de\/activity\/fania-spaziergang\/"]}]},{"@type":"ImageObject","inLanguage":"de","@id":"https:\/\/botrange25.cloud02.visible.be\/de\/activity\/fania-spaziergang\/#primaryimage","url":"https:\/\/botrange25.cloud02.visible.be\/wp-content\/uploads\/2026\/04\/DSC_0166-scaled.jpg","contentUrl":"https:\/\/botrange25.cloud02.visible.be\/wp-content\/uploads\/2026\/04\/DSC_0166-scaled.jpg","width":1707,"height":2560,"caption":"Guide nature avec des \u00e9l\u00e8ves de primaire dans les Hautes Fagnes"},{"@type":"BreadcrumbList","@id":"https:\/\/botrange25.cloud02.visible.be\/de\/activity\/fania-spaziergang\/#breadcrumb","itemListElement":[{"@type":"ListItem","position":1,"name":"Accueil","item":"https:\/\/botrange25.cloud02.visible.be\/de\/"},{"@type":"ListItem","position":2,"name":"Aktivit\u00e4ten","item":"https:\/\/botrange25.cloud02.visible.be\/de\/nos-activites\/"},{"@type":"ListItem","position":3,"name":"FANIA &#038; Spaziergang"}]},{"@type":"WebSite","@id":"https:\/\/botrange25.cloud02.visible.be\/de\/#website","url":"https:\/\/botrange25.cloud02.visible.be\/de\/","name":"Parc naturel Hautes Fagnes-Eifel","description":"50 ANS 1971-2021","publisher":{"@id":"https:\/\/botrange25.cloud02.visible.be\/de\/#organization"},"potentialAction":[{"@type":"SearchAction","target":{"@type":"EntryPoint","urlTemplate":"https:\/\/botrange25.cloud02.visible.be\/de\/?s={search_term_string}"},"query-input":{"@type":"PropertyValueSpecification","valueRequired":true,"valueName":"search_term_string"}}],"inLanguage":"de"},{"@type":"Organization","@id":"https:\/\/botrange25.cloud02.visible.be\/de\/#organization","name":"Parc naturel Hautes Fagnes-Eifel","url":"https:\/\/botrange25.cloud02.visible.be\/de\/","logo":{"@type":"ImageObject","inLanguage":"de","@id":"https:\/\/botrange25.cloud02.visible.be\/de\/#\/schema\/logo\/image\/","url":"https:\/\/botrange25.cloud02.visible.be\/wp-content\/uploads\/2021\/06\/logo.svg","contentUrl":"https:\/\/botrange25.cloud02.visible.be\/wp-content\/uploads\/2021\/06\/logo.svg","caption":"Parc naturel Hautes Fagnes-Eifel"},"image":{"@id":"https:\/\/botrange25.cloud02.visible.be\/de\/#\/schema\/logo\/image\/"}}]}},"_links":{"self":[{"href":"https:\/\/botrange25.cloud02.visible.be\/de\/wp-json\/wp\/v2\/activity\/20763","targetHints":{"allow":["GET"]}}],"collection":[{"href":"https:\/\/botrange25.cloud02.visible.be\/de\/wp-json\/wp\/v2\/activity"}],"about":[{"href":"https:\/\/botrange25.cloud02.visible.be\/de\/wp-json\/wp\/v2\/types\/activity"}],"author":[{"embeddable":true,"href":"https:\/\/botrange25.cloud02.visible.be\/de\/wp-json\/wp\/v2\/users\/15"}],"version-history":[{"count":1,"href":"https:\/\/botrange25.cloud02.visible.be\/de\/wp-json\/wp\/v2\/activity\/20763\/revisions"}],"predecessor-version":[{"id":20766,"href":"https:\/\/botrange25.cloud02.visible.be\/de\/wp-json\/wp\/v2\/activity\/20763\/revisions\/20766"}],"wp:featuredmedia":[{"embeddable":true,"href":"https:\/\/botrange25.cloud02.visible.be\/de\/wp-json\/wp\/v2\/media\/20756"}],"wp:attachment":[{"href":"https:\/\/botrange25.cloud02.visible.be\/de\/wp-json\/wp\/v2\/media?parent=20763"}],"wp:term":[{"taxonomy":"category","embeddable":true,"href":"https:\/\/botrange25.cloud02.visible.be\/de\/wp-json\/wp\/v2\/categories?post=20763"},{"taxonomy":"post_tag","embeddable":true,"href":"https:\/\/botrange25.cloud02.visible.be\/de\/wp-json\/wp\/v2\/tags?post=20763"}],"curies":[{"name":"wp","href":"https:\/\/api.w.org\/{rel}","templated":true}]}}